{"id":3841,"date":"2025-06-15T18:52:42","date_gmt":"2025-06-15T18:52:42","guid":{"rendered":"https:\/\/velkeholky.org\/?page_id=3841"},"modified":"2025-09-28T13:51:29","modified_gmt":"2025-09-28T13:51:29","slug":"magie-astro","status":"publish","type":"page","link":"https:\/\/velkeholky.org\/en\/magie-astro\/","title":{"rendered":"Magic &amp; Astrology"},"content":{"rendered":"<div class=\"wp-block-group\"><div class=\"wp-block-group__inner-container is-layout-constrained wp-block-group-is-layout-constrained\">\n<div class=\"wp-block-buttons is-content-justification-center is-layout-flex wp-container-core-buttons-is-layout-a89b3969 wp-block-buttons-is-layout-flex\">\n<div class=\"wp-block-button is-style-outline is-style-outline--1\"><a class=\"wp-block-button__link has-vivid-purple-color has-blush-light-purple-gradient-background has-text-color has-background has-link-color has-medium-font-size has-text-align-center has-custom-font-size wp-element-button\" href=\"https:\/\/velkeholky.org\/en\/category\/magie-astro\/\" style=\"border-radius:80px\"><strong>All Articles<\/strong><\/a><\/div>\n<\/div>\n<\/div><\/div>\n\n\n\n<div style=\"text-align: center; padding: 10px 20px; max-width: 800px; margin: auto;\">\n  <p style=\"font-size: 1.1rem; color: #4b0082;\">\n    Witchy energy, astrology, rituals, tarot, and lunar magic.\nHere, intuition reigns \u2013 along with symbols and feminine power, deeply connected to nature and the stars.\n\n  <\/p>\n<\/div>\n\n\n\n<div class=\"wp-block-uagb-advanced-heading uagb-block-158cb3b2\"><h1 class=\"uagb-heading-text\"><em>Latest Articles:<\/em><\/h1><\/div>\n\n\n\n\n\n\t\t\t<div class=\"wp-block-uagb-post-grid uagb-post-grid  uagb-post__image-position-top uagb-post__image-enabled uagb-block-1a8063d6     uagb-post__items uagb-post__columns-3 is-grid uagb-post__columns-tablet-2 uagb-post__columns-mobile-1 uagb-post__equal-height\" data-total=\"24\" style=\"\">\n\n\t\t\t\t\t\t\t\t\t\t\t\t<article class=\"uagb-post__inner-wrap\">\t\t\t\t\t\t\t\t<div class='uagb-post__image'>\n\t\t\t\t\t\t\t\t\t<a href=\"https:\/\/velkeholky.org\/en\/uplnek-ve-vahach-tohle-neni-horoskop-je-to-pozvanka\/\" target=\"_self\" rel=\"bookmark noopener noreferrer\" class='uagb-image-ratio-inherit'><img loading=\"lazy\" decoding=\"async\" width=\"150\" height=\"150\" src=\"https:\/\/velkeholky.org\/wp-content\/uploads\/2026\/04\/uplnek-150x150.png\" class=\"attachment-thumbnail size-thumbnail\" alt=\"\u00dapln\u011bk ve Vah\u00e1ch na no\u010dn\u00ed obloze, zlat\u00e9 v\u00e1hy p\u0159ed m\u011bs\u00edcem a rozkvetl\u00e9 t\u0159e\u0161n\u011b v pop\u0159ed\u00ed \u2013 symbol rovnov\u00e1hy a klidu\" srcset=\"https:\/\/velkeholky.org\/wp-content\/uploads\/2026\/04\/uplnek-150x150.png 150w, https:\/\/velkeholky.org\/wp-content\/uploads\/2026\/04\/uplnek-300x300.png 300w, https:\/\/velkeholky.org\/wp-content\/uploads\/2026\/04\/uplnek-75x75.png 75w\" sizes=\"auto, (max-width: 150px) 100vw, 150px\" \/>\t\t\t\t\t<\/a>\n\t\t\t\t\t\t\t<\/div>\n\t\t\t\t\t\t<h4 class=\"uagb-post__title uagb-post__text\">\n\t\t\t\t<a href=\"https:\/\/velkeholky.org\/en\/uplnek-ve-vahach-tohle-neni-horoskop-je-to-pozvanka\/\" target=\"_self\" rel=\"bookmark noopener noreferrer\">Full Moon in Libra: This is not a horoscope. It&#039;s an invitation.<\/a>\n\t\t\t<\/h4>\n\t\t\t\t\t\t<div class='uagb-post__text uagb-post-grid-byline'>\n\t\t\t\t\t\t\t<\/div>\n\t\t\t\t\t\t\t<div class='uagb-post__text uagb-post__excerpt'>\n\t\t\t\t\tThe Full Moon in Libra comes shortly after the spring equinox and carries a subtle but powerful...\t\t\t\t<\/div>\n\t\t\t\t\t\t<div class=\"uagb-post__text uagb-post__cta wp-block-button\">\n\t\t\t\t<a class=\"wp-block-button__link uagb-text-link\" style=\"\" href=\"https:\/\/velkeholky.org\/en\/uplnek-ve-vahach-tohle-neni-horoskop-je-to-pozvanka\/\" target=\"_self\" rel=\"bookmark noopener noreferrer\">Read More<\/a>\n\t\t\t<\/div>\n\t\t\t\n\t\t\t\t\t\t\t\t\t<\/article>\n\t\t\t\t\t\t\t\t\t\t\t\t\t\t\t\t<article class=\"uagb-post__inner-wrap\">\t\t\t\t\t\t\t\t<div class='uagb-post__image'>\n\t\t\t\t\t\t\t\t\t<a href=\"https:\/\/velkeholky.org\/en\/pasijovy-tyden-proc-je-pondeli-modre-a-ctvrtek-zeleny\/\" target=\"_self\" rel=\"bookmark noopener noreferrer\" class='uagb-image-ratio-inherit'><img loading=\"lazy\" decoding=\"async\" width=\"150\" height=\"150\" src=\"https:\/\/velkeholky.org\/wp-content\/uploads\/2026\/03\/velikonoce-150x150.png\" class=\"attachment-thumbnail size-thumbnail\" alt=\"Velikono\u010dn\u00ed st\u016fl s tradi\u010dn\u00edmi \u010desk\u00fdmi pokrmy \u2013 mazanec, jid\u00e1\u0161e s medem, pi\u0161kotov\u00fd ber\u00e1nek, \u0161kared\u00fd brambor\u00e1k, barevn\u00e1 vejce a jarn\u00ed kv\u011btiny na rustik\u00e1ln\u00edm d\u0159ev\u011bn\u00e9m stole\" srcset=\"https:\/\/velkeholky.org\/wp-content\/uploads\/2026\/03\/velikonoce-150x150.png 150w, https:\/\/velkeholky.org\/wp-content\/uploads\/2026\/03\/velikonoce-300x300.png 300w, https:\/\/velkeholky.org\/wp-content\/uploads\/2026\/03\/velikonoce-75x75.png 75w\" sizes=\"auto, (max-width: 150px) 100vw, 150px\" \/>\t\t\t\t\t<\/a>\n\t\t\t\t\t\t\t<\/div>\n\t\t\t\t\t\t<h4 class=\"uagb-post__title uagb-post__text\">\n\t\t\t\t<a href=\"https:\/\/velkeholky.org\/en\/pasijovy-tyden-proc-je-pondeli-modre-a-ctvrtek-zeleny\/\" target=\"_self\" rel=\"bookmark noopener noreferrer\">Holy Week: Why is Monday blue and Thursday green?<\/a>\n\t\t\t<\/h4>\n\t\t\t\t\t\t<div class='uagb-post__text uagb-post-grid-byline'>\n\t\t\t\t\t\t\t<\/div>\n\t\t\t\t\t\t\t<div class='uagb-post__text uagb-post__excerpt'>\n\t\t\t\t\tEaster - Holy Week: Why is Monday blue, Wednesday ugly and Thursday green? For\u2026\t\t\t\t<\/div>\n\t\t\t\t\t\t<div class=\"uagb-post__text uagb-post__cta wp-block-button\">\n\t\t\t\t<a class=\"wp-block-button__link uagb-text-link\" style=\"\" href=\"https:\/\/velkeholky.org\/en\/pasijovy-tyden-proc-je-pondeli-modre-a-ctvrtek-zeleny\/\" target=\"_self\" rel=\"bookmark noopener noreferrer\">Read More<\/a>\n\t\t\t<\/div>\n\t\t\t\n\t\t\t\t\t\t\t\t\t<\/article>\n\t\t\t\t\t\t\t\t\t\t\t\t\t\t\t\t<article class=\"uagb-post__inner-wrap\">\t\t\t\t\t\t\t\t<div class='uagb-post__image'>\n\t\t\t\t\t\t\t\t\t<a href=\"https:\/\/velkeholky.org\/en\/kvetna-nedele-otevira-svaty-tyden-a-zacinaji-velikonoce\/\" target=\"_self\" rel=\"bookmark noopener noreferrer\" class='uagb-image-ratio-inherit'><img loading=\"lazy\" decoding=\"async\" width=\"150\" height=\"150\" src=\"https:\/\/velkeholky.org\/wp-content\/uploads\/2026\/03\/pexels-photo-11845933-11845933-150x150.jpg\" class=\"attachment-thumbnail size-thumbnail\" alt=\"A high-angle shot of Easter pastries and beautifully decorated eggs on a wooden table, perfect for holiday inspirations.\" srcset=\"https:\/\/velkeholky.org\/wp-content\/uploads\/2026\/03\/pexels-photo-11845933-11845933-150x150.jpg 150w, https:\/\/velkeholky.org\/wp-content\/uploads\/2026\/03\/pexels-photo-11845933-11845933-300x300.jpg 300w, https:\/\/velkeholky.org\/wp-content\/uploads\/2026\/03\/pexels-photo-11845933-11845933-75x75.jpg 75w\" sizes=\"auto, (max-width: 150px) 100vw, 150px\" \/>\t\t\t\t\t<\/a>\n\t\t\t\t\t\t\t<\/div>\n\t\t\t\t\t\t<h4 class=\"uagb-post__title uagb-post__text\">\n\t\t\t\t<a href=\"https:\/\/velkeholky.org\/en\/kvetna-nedele-otevira-svaty-tyden-a-zacinaji-velikonoce\/\" target=\"_self\" rel=\"bookmark noopener noreferrer\">Palm Sunday \u2013 opens Holy Week and Easter begins!<\/a>\n\t\t\t<\/h4>\n\t\t\t\t\t\t<div class='uagb-post__text uagb-post-grid-byline'>\n\t\t\t\t\t\t\t<\/div>\n\t\t\t\t\t\t\t<div class='uagb-post__text uagb-post__excerpt'>\n\t\t\t\t\tPalm Sunday \u2013 opens Holy Week and Easter begins! On this day\u2026\t\t\t\t<\/div>\n\t\t\t\t\t\t<div class=\"uagb-post__text uagb-post__cta wp-block-button\">\n\t\t\t\t<a class=\"wp-block-button__link uagb-text-link\" style=\"\" href=\"https:\/\/velkeholky.org\/en\/kvetna-nedele-otevira-svaty-tyden-a-zacinaji-velikonoce\/\" target=\"_self\" rel=\"bookmark noopener noreferrer\">Read More<\/a>\n\t\t\t<\/div>\n\t\t\t\n\t\t\t\t\t\t\t\t\t<\/article>\n\t\t\t\t\t\t\t\t\t\t\t<\/div>\n\t\t\t\n\n\n<div class=\"wp-block-uagb-advanced-heading uagb-block-2ca72acf\"><h1 class=\"uagb-heading-text\"><em>Top Reads:<\/em><\/h1><\/div>\n\n\n\n\n\n\t\t\t<div class=\"wp-block-uagb-post-grid uagb-post-grid  uagb-post__image-position-top uagb-post__image-enabled uagb-block-16b896dd     uagb-post__items uagb-post__columns-3 is-grid uagb-post__columns-tablet-2 uagb-post__columns-mobile-1 uagb-post__equal-height\" data-total=\"24\" style=\"\">\n\n\t\t\t\t\t\t\t\t\t\t\t\t<article class=\"uagb-post__inner-wrap\">\t\t\t\t\t\t\t\t<div class='uagb-post__image'>\n\t\t\t\t\t\t\t\t\t<a href=\"https:\/\/velkeholky.org\/en\/samhain-halloween-a-dusicky-podzimni-magie\/\" target=\"_self\" rel=\"bookmark noopener noreferrer\" class='uagb-image-ratio-inherit'><img loading=\"lazy\" decoding=\"async\" width=\"150\" height=\"150\" src=\"https:\/\/velkeholky.org\/wp-content\/uploads\/2025\/10\/dusicky-150x150.png\" class=\"attachment-thumbnail size-thumbnail\" alt=\"\u201ePodzimn\u00ed z\u00e1ti\u0161\u00ed s d\u0159ev\u011bn\u00fdm stolem, vy\u0159ezanou d\u00fdn\u00ed, sv\u00ed\u010dkami, such\u00fdmi kv\u011bty a \u0161\u00e1lkem \u010daje v tepl\u00e9m sv\u011btle lucerny \u2013 cozy atmosf\u00e9ra Samhainu a Du\u0161i\u010dek.\u201c \u201cCozy autumn still life with a carved pumpkin, candles, dried flowers, and a cup of tea on a wooden table, softly lit by a lantern \u2014 Samhain and All Souls\u2019 Day vibes.\u201d \u201eHerbstliches Stillleben mit geschnitztem K\u00fcrbis, Kerzen, Trockenblumen und einer Tasse Tee auf einem Holztisch, sanft beleuchtet von einer Laterne \u2013 gem\u00fctliche Atmosph\u00e4re von Samhain und Allerseelen.\u201c\" srcset=\"https:\/\/velkeholky.org\/wp-content\/uploads\/2025\/10\/dusicky-150x150.png 150w, https:\/\/velkeholky.org\/wp-content\/uploads\/2025\/10\/dusicky-300x300.png 300w, https:\/\/velkeholky.org\/wp-content\/uploads\/2025\/10\/dusicky-75x75.png 75w\" sizes=\"auto, (max-width: 150px) 100vw, 150px\" \/>\t\t\t\t\t<\/a>\n\t\t\t\t\t\t\t<\/div>\n\t\t\t\t\t\t<h4 class=\"uagb-post__title uagb-post__text\">\n\t\t\t\t<a href=\"https:\/\/velkeholky.org\/en\/samhain-halloween-a-dusicky-podzimni-magie\/\" target=\"_self\" rel=\"bookmark noopener noreferrer\">Samhain, Halloween and All Souls&#039; Day - Autumn Magic<\/a>\n\t\t\t<\/h4>\n\t\t\t\t\t\t<div class='uagb-post__text uagb-post-grid-byline'>\n\t\t\t\t\t\t\t<\/div>\n\t\t\t\t\t\t\t<div class='uagb-post__text uagb-post__excerpt'>\n\t\t\t\t\tA\u0165 u\u017e ho nazveme Samhain, Halloween, Sv\u00e1tek v\u0161ech svat\u00fdch nebo Du\u0161i\u010dky, v j\u00e1dru&#8230;\t\t\t\t<\/div>\n\t\t\t\t\t\t<div class=\"uagb-post__text uagb-post__cta wp-block-button\">\n\t\t\t\t<a class=\"wp-block-button__link uagb-text-link\" style=\"\" href=\"https:\/\/velkeholky.org\/en\/samhain-halloween-a-dusicky-podzimni-magie\/\" target=\"_self\" rel=\"bookmark noopener noreferrer\">Read More<\/a>\n\t\t\t<\/div>\n\t\t\t\n\t\t\t\t\t\t\t\t\t<\/article>\n\t\t\t\t\t\t\t\t\t\t\t\t\t\t\t\t<article class=\"uagb-post__inner-wrap\">\t\t\t\t\t\t\t\t<div class='uagb-post__image'>\n\t\t\t\t\t\t\t\t\t<a href=\"https:\/\/velkeholky.org\/en\/rok-2026-co-prinese-ohnivy-kun-tvemu-znameni\/\" target=\"_self\" rel=\"bookmark noopener noreferrer\" class='uagb-image-ratio-inherit'><img loading=\"lazy\" decoding=\"async\" width=\"150\" height=\"150\" src=\"https:\/\/velkeholky.org\/wp-content\/uploads\/2026\/02\/Kun-a-ostatni-znameni--150x150.png\" class=\"attachment-thumbnail size-thumbnail\" alt=\"Ohniv\u00fd k\u016f\u0148 uprost\u0159ed kruhu \u010d\u00ednsk\u00e9ho horoskopu, kolem n\u011bj v\u0161ech dvan\u00e1ct znamen\u00ed zv\u011brokruhu v zlat\u00e9m reli\u00e9fu, v\u00fdrazn\u00e9 \u010d\u00edslo 2026 dole, fotorealistick\u00e9 zpracov\u00e1n\u00ed v dramatick\u00fdch plamenech.\" srcset=\"https:\/\/velkeholky.org\/wp-content\/uploads\/2026\/02\/Kun-a-ostatni-znameni--150x150.png 150w, https:\/\/velkeholky.org\/wp-content\/uploads\/2026\/02\/Kun-a-ostatni-znameni--300x300.png 300w, https:\/\/velkeholky.org\/wp-content\/uploads\/2026\/02\/Kun-a-ostatni-znameni--75x75.png 75w\" sizes=\"auto, (max-width: 150px) 100vw, 150px\" \/>\t\t\t\t\t<\/a>\n\t\t\t\t\t\t\t<\/div>\n\t\t\t\t\t\t<h4 class=\"uagb-post__title uagb-post__text\">\n\t\t\t\t<a href=\"https:\/\/velkeholky.org\/en\/rok-2026-co-prinese-ohnivy-kun-tvemu-znameni\/\" target=\"_self\" rel=\"bookmark noopener noreferrer\">Year 2026: What the Fire Horse Will Bring to Your Sign<\/a>\n\t\t\t<\/h4>\n\t\t\t\t\t\t<div class='uagb-post__text uagb-post-grid-byline'>\n\t\t\t\t\t\t\t<\/div>\n\t\t\t\t\t\t\t<div class='uagb-post__text uagb-post__excerpt'>\n\t\t\t\t\tCo p\u0159inese Ohniv\u00fd K\u016f\u0148 tv\u00e9mu znamen\u00ed? Po pomalej\u0161\u00edm roce Hada, kter\u00fd n\u00e1s u\u010dil&#8230;\t\t\t\t<\/div>\n\t\t\t\t\t\t<div class=\"uagb-post__text uagb-post__cta wp-block-button\">\n\t\t\t\t<a class=\"wp-block-button__link uagb-text-link\" style=\"\" href=\"https:\/\/velkeholky.org\/en\/rok-2026-co-prinese-ohnivy-kun-tvemu-znameni\/\" target=\"_self\" rel=\"bookmark noopener noreferrer\">Read More<\/a>\n\t\t\t<\/div>\n\t\t\t\n\t\t\t\t\t\t\t\t\t<\/article>\n\t\t\t\t\t\t\t\t\t\t\t\t\t\t\t\t<article class=\"uagb-post__inner-wrap\">\t\t\t\t\t\t\t\t<div class='uagb-post__image'>\n\t\t\t\t\t\t\t\t\t<a href=\"https:\/\/velkeholky.org\/en\/advent-2025-cas-nadeje-svetla-a-krasnych-tradic\/\" target=\"_self\" rel=\"bookmark noopener noreferrer\" class='uagb-image-ratio-inherit'><img loading=\"lazy\" decoding=\"async\" width=\"150\" height=\"150\" src=\"https:\/\/velkeholky.org\/wp-content\/uploads\/2025\/11\/ADVENT-chronologicky-150x150.png\" class=\"attachment-thumbnail size-thumbnail\" alt=\"Zimn\u00ed ve\u010der na v\u00e1no\u010dn\u00edm trhu \u2013 d\u0159ev\u011bn\u00e9 st\u00e1nky ozdoben\u00e9 sv\u011bt\u00fdlky, pern\u00ed\u010dky a hrnky se sva\u0159\u00e1kem, svazky jmel\u00ed a v pozad\u00ed rozsv\u00edcen\u00fd v\u00e1no\u010dn\u00ed strom. Jemn\u00fd sn\u011bhov\u00fd popra\u0161ek dod\u00e1v\u00e1 sc\u00e9n\u011b klidnou sv\u00e1te\u010dn\u00ed atmosf\u00e9ru.\" srcset=\"https:\/\/velkeholky.org\/wp-content\/uploads\/2025\/11\/ADVENT-chronologicky-150x150.png 150w, https:\/\/velkeholky.org\/wp-content\/uploads\/2025\/11\/ADVENT-chronologicky-300x300.png 300w, https:\/\/velkeholky.org\/wp-content\/uploads\/2025\/11\/ADVENT-chronologicky-75x75.png 75w\" sizes=\"auto, (max-width: 150px) 100vw, 150px\" \/>\t\t\t\t\t<\/a>\n\t\t\t\t\t\t\t<\/div>\n\t\t\t\t\t\t<h4 class=\"uagb-post__title uagb-post__text\">\n\t\t\t\t<a href=\"https:\/\/velkeholky.org\/en\/advent-2025-cas-nadeje-svetla-a-krasnych-tradic\/\" target=\"_self\" rel=\"bookmark noopener noreferrer\">Advent 2025: A time of hope, light and beautiful traditions<\/a>\n\t\t\t<\/h4>\n\t\t\t\t\t\t<div class='uagb-post__text uagb-post-grid-byline'>\n\t\t\t\t\t\t\t<\/div>\n\t\t\t\t\t\t\t<div class='uagb-post__text uagb-post__excerpt'>\n\t\t\t\t\tAdvent m\u00e1 sv\u00e9 ko\u0159eny hluboko v d\u011bjin\u00e1ch \u2013 u\u017e od 4. stolet\u00ed si&#8230;\t\t\t\t<\/div>\n\t\t\t\t\t\t<div class=\"uagb-post__text uagb-post__cta wp-block-button\">\n\t\t\t\t<a class=\"wp-block-button__link uagb-text-link\" style=\"\" href=\"https:\/\/velkeholky.org\/en\/advent-2025-cas-nadeje-svetla-a-krasnych-tradic\/\" target=\"_self\" rel=\"bookmark noopener noreferrer\">Read More<\/a>\n\t\t\t<\/div>\n\t\t\t\n\t\t\t\t\t\t\t\t\t<\/article>\n\t\t\t\t\t\t\t\t\t\t\t\t\t<div class=\"uagb-post-pagination-wrap\">\n\t\t\t\t\t\t\t\t\t\t\t<\/div>\n\t\t\t\t\t\t\t\t<\/div>\n\t\t\t\n\n\n\n\n\n\n\n\n\n\n\n\n<p style=\"font-size: 1.2rem; font-style: italic; text-align: center; color:#4b0082; margin-bottom: 20px;\">\n  Age is just a number. But style is forever. \ud83d\udc9c\n<\/p>\n\n\n\n<div style=\"background:#e6e6fa; padding: 20px; border-radius: 12px; text-align: center; margin-top: 40px;\">\n  <p style=\"font-size: 1.2rem; font-weight: bold; color:#4b0082;\">Follow us on social media  \ud83d\udc9c<\/p>\n\n  <a href=\"https:\/\/www.facebook.com\/profile.php?id=61572507782295\" target=\"_blank\" style=\"margin: 10px; display: inline-block;\">\n    <img decoding=\"async\" src=\"https:\/\/cdn.jsdelivr.net\/npm\/simple-icons@v9\/icons\/facebook.svg\" alt=\"Facebook\" width=\"36\" style=\"filter: invert(21%) sepia(56%) saturate(1439%) hue-rotate(206deg) brightness(91%) contrast(90%);\">\n  <\/a>\n\n  <a href=\"https:\/\/www.instagram.com\/velke_holky_40_50plus\/\" target=\"_blank\" style=\"margin: 10px; display: inline-block;\">\n    <img decoding=\"async\" src=\"https:\/\/cdn.jsdelivr.net\/npm\/simple-icons@v9\/icons\/instagram.svg\" alt=\"Instagram\" width=\"36\" style=\"filter: invert(21%) sepia(56%) saturate(1439%) hue-rotate(292deg) brightness(91%) contrast(90%);\">\n  <\/a>\n\n  <a href=\"https:\/\/www.youtube.com\/@DanielaS-VelkeHolky\/featured\" target=\"_blank\" style=\"margin: 10px; display: inline-block;\">\n    <img decoding=\"async\" src=\"https:\/\/cdn.jsdelivr.net\/npm\/simple-icons@v9\/icons\/youtube.svg\" alt=\"YouTube\" width=\"36\" style=\"filter: invert(21%) sepia(56%) saturate(1439%) hue-rotate(352deg) brightness(91%) contrast(90%);\">\n  <\/a>\n\n<a href=\"https:\/\/www.threads.com\/@velke_holky_40_50plus\" target=\"_blank\" style=\"margin: 10px; display: inline-block; width: 36px; height: 36px;\">\n  <img decoding=\"async\" src=\"https:\/\/velkeholky.org\/wp-content\/uploads\/2025\/06\/TH.jpg\" alt=\"Threads\" style=\"width: 100%; height: 100%; border-radius: 50%; object-fit: cover; box-shadow: 0 0 4px rgba(0,0,0,0.2);\">\n<\/a>\n\n<\/div>\n\n\n\n<div class=\"wp-block-uagb-advanced-heading uagb-block-10a0ff86\"><h3 class=\"uagb-heading-text\"><em>Inspire others \u2013 and share with your girlfriends\u2026&nbsp;<\/em>\u2026<\/h3><\/div>\n\n\n\n\n\n<p><\/p>","protected":false},"excerpt":{"rendered":"<p>\u010carod\u011bjnick\u00e1 energie, astrologie, ritu\u00e1ly, tarot i lun\u00e1rn\u00ed kouzla. Tady vl\u00e1dne intuice, symboly a \u017eensk\u00e1 s\u00edla \u2013 propojen\u00e1 s p\u0159\u00edrodou i hv\u011bzdami. Nejnov\u011bj\u0161\u00ed \u010dl\u00e1nky: Nej\u010dten\u011bj\u0161\u00ed \u010dl\u00e1nky: \u201eV\u011bk je jen \u010d\u00edslo. Ale styl je v\u011b\u010dn\u00fd.\u201c \ud83d\udc9c Sleduj n\u00e1s na s\u00edt\u00edch \ud83d\udc9c Inspiruj ostatn\u00ed a sd\u00edlej s kamar\u00e1dkami&nbsp;\u2026<\/p>","protected":false},"author":1,"featured_media":3819,"parent":0,"menu_order":4,"comment_status":"closed","ping_status":"closed","template":"","meta":{"_uag_custom_page_level_css":"","footnotes":""},"class_list":["post-3841","page","type-page","status-publish","has-post-thumbnail","hentry"],"aioseo_notices":[],"uagb_featured_image_src":{"full":["https:\/\/velkeholky.org\/wp-content\/uploads\/2025\/06\/magie.png",1333,2000,false],"thumbnail":["https:\/\/velkeholky.org\/wp-content\/uploads\/2025\/06\/magie-150x150.png",150,150,true],"medium":["https:\/\/velkeholky.org\/wp-content\/uploads\/2025\/06\/magie-200x300.png",200,300,true],"medium_large":["https:\/\/velkeholky.org\/wp-content\/uploads\/2025\/06\/magie-768x1152.png",768,1152,true],"large":["https:\/\/velkeholky.org\/wp-content\/uploads\/2025\/06\/magie-682x1024.png",682,1024,true],"1536x1536":["https:\/\/velkeholky.org\/wp-content\/uploads\/2025\/06\/magie-1024x1536.png",1024,1536,true],"2048x2048":["https:\/\/velkeholky.org\/wp-content\/uploads\/2025\/06\/magie.png",1333,2000,false],"trp-custom-language-flag":["https:\/\/velkeholky.org\/wp-content\/uploads\/2025\/06\/magie-8x12.png",8,12,true],"ashe-slider-full-thumbnail":["https:\/\/velkeholky.org\/wp-content\/uploads\/2025\/06\/magie-1080x540.png",1080,540,true],"ashe-full-thumbnail":["https:\/\/velkeholky.org\/wp-content\/uploads\/2025\/06\/magie-1140x1710.png",1140,1710,true],"ashe-list-thumbnail":["https:\/\/velkeholky.org\/wp-content\/uploads\/2025\/06\/magie-300x300.png",300,300,true],"ashe-grid-thumbnail":["https:\/\/velkeholky.org\/wp-content\/uploads\/2025\/06\/magie-500x330.png",500,330,true],"ashe-single-navigation":["https:\/\/velkeholky.org\/wp-content\/uploads\/2025\/06\/magie-75x75.png",75,75,true]},"uagb_author_info":{"display_name":"S l\u00e1skou Daniela \ud83d\udc9c","author_link":"https:\/\/velkeholky.org\/en\/author\/velkeholkygmail-com\/"},"uagb_comment_info":0,"uagb_excerpt":"\u010carod\u011bjnick\u00e1 energie, astrologie, ritu\u00e1ly, tarot i lun\u00e1rn\u00ed kouzla. Tady vl\u00e1dne intuice, symboly a \u017eensk\u00e1 s\u00edla \u2013 propojen\u00e1 s p\u0159\u00edrodou i hv\u011bzdami. Nejnov\u011bj\u0161\u00ed \u010dl\u00e1nky: Nej\u010dten\u011bj\u0161\u00ed \u010dl\u00e1nky: \u201eV\u011bk je jen \u010d\u00edslo. Ale styl je v\u011b\u010dn\u00fd.\u201c \ud83d\udc9c Sleduj n\u00e1s na s\u00edt\u00edch \ud83d\udc9c Inspiruj ostatn\u00ed a sd\u00edlej s kamar\u00e1dkami&nbsp;\u2026","_links":{"self":[{"href":"https:\/\/velkeholky.org\/en\/wp-json\/wp\/v2\/pages\/3841","targetHints":{"allow":["GET"]}}],"collection":[{"href":"https:\/\/velkeholky.org\/en\/wp-json\/wp\/v2\/pages"}],"about":[{"href":"https:\/\/velkeholky.org\/en\/wp-json\/wp\/v2\/types\/page"}],"author":[{"embeddable":true,"href":"https:\/\/velkeholky.org\/en\/wp-json\/wp\/v2\/users\/1"}],"replies":[{"embeddable":true,"href":"https:\/\/velkeholky.org\/en\/wp-json\/wp\/v2\/comments?post=3841"}],"version-history":[{"count":17,"href":"https:\/\/velkeholky.org\/en\/wp-json\/wp\/v2\/pages\/3841\/revisions"}],"predecessor-version":[{"id":4408,"href":"https:\/\/velkeholky.org\/en\/wp-json\/wp\/v2\/pages\/3841\/revisions\/4408"}],"wp:featuredmedia":[{"embeddable":true,"href":"https:\/\/velkeholky.org\/en\/wp-json\/wp\/v2\/media\/3819"}],"wp:attachment":[{"href":"https:\/\/velkeholky.org\/en\/wp-json\/wp\/v2\/media?parent=3841"}],"curies":[{"name":"wp","href":"https:\/\/api.w.org\/{rel}","templated":true}]}}